{"id":695,"date":"2021-03-31T13:22:23","date_gmt":"2021-03-31T11:22:23","guid":{"rendered":"https:\/\/skladopalu.szczecin.pl\/?page_id=695"},"modified":"2022-08-02T13:45:14","modified_gmt":"2022-08-02T11:45:14","slug":"kamienie-ozdobne","status":"publish","type":"page","link":"https:\/\/skladopalu.szczecin.pl\/en\/kamienie-ozdobne\/","title":{"rendered":"Kamienie ozdobne"},"content":{"rendered":"\n<h3>Sprzeda\u017c kamieni ozdobnych &#8211; grysu, kruszywa i otoczak\u00f3w<\/h3>\n\n\n\n<p>Nasz sk\u0142ad oferuje ca\u0142oroczn\u0105 sprzeda\u017c kamieni ozdobnych i otoczak\u00f3w. S\u0105 to kamienie o funkcji ozdobnej, nadaj\u0105 si\u0119 mi\u0119dzy innymi do gabion\u00f3w oraz wysypywania \u015bcie\u017cek, oczek wodnych i innych dekoracji ogrodowych.<\/p>\n\n\n\n<p>Mo\u017cna zakupi\u0107 je bezpo\u015brednio na naszym sk\u0142adzie (s\u0105 one pakowane w worki, istnieje mo\u017cliwo\u015b\u0107 obejrzenia ich przed zakupem) lub wysy\u0142kowo do jednej tony na palecie.<\/p>\n\n\n\n<p><\/p>\n\n\n\n<table id=\"tablepress-10\" class=\"tablepress tablepress-id-10\">\n<thead>\n<tr class=\"row-1 odd\">\n\t<th class=\"column-1\">Nazwa<\/th><th class=\"column-2\">Luzem 1 tona<\/th><th class=\"column-3\">W worku<\/th>\n<\/tr>\n<\/thead>\n<tbody class=\"row-hover\">\n<tr class=\"row-2 even\">\n\t<td class=\"column-1\">ZIEMIA OGRODOWA POD TRAWNIK<\/td><td class=\"column-2\">140z\u0142 luzem<\/td><td class=\"column-3\">10z\u0142 za worek 25kg<\/td>\n<\/tr>\n<tr class=\"row-3 odd\">\n\t<td class=\"column-1\">ZIEMIA OGRODOWA<\/td><td class=\"column-2\">120z\u0142 luzem<\/td><td class=\"column-3\">10z\u0142 za worek 25kg<\/td>\n<\/tr>\n<tr class=\"row-4 even\">\n\t<td class=\"column-1\">PIASEK<\/td><td class=\"column-2\">80z\u0142<\/td><td class=\"column-3\">6z\u0142 za worek 25 kg<\/td>\n<\/tr>\n<tr class=\"row-5 odd\">\n\t<td class=\"column-1\">KORA KAMIENNA<br \/>\nGNEJS PASIASTY RUDY<\/td><td class=\"column-2\">580z\u0142 luzem<\/td><td class=\"column-3\">15z\u0142 za worek 25kg<br \/>\n600z\u0142 tona workowana<\/td>\n<\/tr>\n<tr class=\"row-6 even\">\n\t<td class=\"column-1\">KAMIENIE OZDOBNE<br \/>\nKamienie ozdobne, grys, amfibolity, otoczaki, r\u00f3\u017cne rozmiary i kolory<\/td><td colspan=\"2\" class=\"column-2\">Oferujemy sprzeda\u017c r\u00f3\u017cnych kolor\u00f3w i kszta\u0142t\u00f3w ozdobnych kamieni. Ich cena jest zale\u017cna od kszta\u0142tu i rozmiaru, od 14z\u0142 za worek 25kg. W ofercie znajduj\u0105 si\u0119 mi\u0119dzy innymi:<br \/>\n<br \/>\nGrys cappuccino 16-32mm<br \/>\nGrys vanga 16-22mm<br \/>\nOtoczak grecki Arkon <br \/>\nOtoczak grecki Fish-grey<br \/>\nOtoczak grecki Bia\u0142y<br \/>\nOtoczak rzeczny p\u0142ukany 8-16mm<br \/>\nOtoczaki 16-32mm<br \/>\n<br \/>\nKamienie s\u0105 pakowane na miejscu w worki 25kg.<\/td>\n<\/tr>\n<\/tbody>\n<\/table>\n<!-- #tablepress-10 from cache -->\n\n\n\n\n\n<figure class=\"wp-block-gallery aligncenter columns-3 is-cropped\"><ul class=\"blocks-gallery-grid\"><li class=\"blocks-gallery-item\"><figure><img loading=\"lazy\" width=\"768\" height=\"1024\" src=\"https:\/\/skladopalu.szczecin.pl\/wp-content\/uploads\/2021\/03\/IMG-20210331-WA0019-768x1024.jpg\" alt=\"\" data-id=\"713\" data-link=\"https:\/\/skladopalu.szczecin.pl\/kamienie-ozdobne\/img-20210331-wa0019\/\" class=\"wp-image-713\" srcset=\"https:\/\/skladopalu.szczecin.pl\/wp-content\/uploads\/2021\/03\/IMG-20210331-WA0019-768x1024.jpg 768w, https:\/\/skladopalu.szczecin.pl\/wp-content\/uploads\/2021\/03\/IMG-20210331-WA0019-225x300.jpg 225w, https:\/\/skladopalu.szczecin.pl\/wp-content\/uploads\/2021\/03\/IMG-20210331-WA0019-1152x1536.jpg 1152w, https:\/\/skladopalu.szczecin.pl\/wp-content\/uploads\/2021\/03\/IMG-20210331-WA0019.jpg 1200w\" sizes=\"(max-width: 768px) 100vw, 768px\" \/><figcaption class=\"blocks-gallery-item__caption\">Kruszywo skandynawskie<\/figcaption><\/figure><\/li><li class=\"blocks-gallery-item\"><figure><img loading=\"lazy\" width=\"768\" height=\"1024\" src=\"https:\/\/skladopalu.szczecin.pl\/wp-content\/uploads\/2021\/03\/IMG-20210331-WA0018-768x1024.jpg\" alt=\"\" data-id=\"714\" data-link=\"https:\/\/skladopalu.szczecin.pl\/kamienie-ozdobne\/img-20210331-wa0018\/\" class=\"wp-image-714\" srcset=\"https:\/\/skladopalu.szczecin.pl\/wp-content\/uploads\/2021\/03\/IMG-20210331-WA0018-768x1024.jpg 768w, https:\/\/skladopalu.szczecin.pl\/wp-content\/uploads\/2021\/03\/IMG-20210331-WA0018-225x300.jpg 225w, https:\/\/skladopalu.szczecin.pl\/wp-content\/uploads\/2021\/03\/IMG-20210331-WA0018-1152x1536.jpg 1152w, https:\/\/skladopalu.szczecin.pl\/wp-content\/uploads\/2021\/03\/IMG-20210331-WA0018.jpg 1200w\" sizes=\"(max-width: 768px) 100vw, 768px\" \/><figcaption class=\"blocks-gallery-item__caption\">Kruszywo skandynawskie<\/figcaption><\/figure><\/li><li class=\"blocks-gallery-item\"><figure><img loading=\"lazy\" width=\"524\" height=\"700\" src=\"https:\/\/skladopalu.szczecin.pl\/wp-content\/uploads\/2021\/03\/2_Bez-tytulu.png\" alt=\"\" data-id=\"716\" data-link=\"https:\/\/skladopalu.szczecin.pl\/kamienie-ozdobne\/2_bez-tytulu\/\" class=\"wp-image-716\" srcset=\"https:\/\/skladopalu.szczecin.pl\/wp-content\/uploads\/2021\/03\/2_Bez-tytulu.png 524w, https:\/\/skladopalu.szczecin.pl\/wp-content\/uploads\/2021\/03\/2_Bez-tytulu-225x300.png 225w\" sizes=\"(max-width: 524px) 100vw, 524px\" \/><figcaption class=\"blocks-gallery-item__caption\">Otoczak grecki szary<\/figcaption><\/figure><\/li><li class=\"blocks-gallery-item\"><figure><img loading=\"lazy\" width=\"931\" height=\"611\" src=\"https:\/\/skladopalu.szczecin.pl\/wp-content\/uploads\/2021\/03\/1_Bez-tytulu.png\" alt=\"\" data-id=\"715\" data-link=\"https:\/\/skladopalu.szczecin.pl\/kamienie-ozdobne\/1_bez-tytulu\/\" class=\"wp-image-715\" srcset=\"https:\/\/skladopalu.szczecin.pl\/wp-content\/uploads\/2021\/03\/1_Bez-tytulu.png 931w, https:\/\/skladopalu.szczecin.pl\/wp-content\/uploads\/2021\/03\/1_Bez-tytulu-300x197.png 300w, https:\/\/skladopalu.szczecin.pl\/wp-content\/uploads\/2021\/03\/1_Bez-tytulu-768x504.png 768w\" sizes=\"(max-width: 931px) 100vw, 931px\" \/><figcaption class=\"blocks-gallery-item__caption\">Grys granitowy szary<\/figcaption><\/figure><\/li><\/ul><\/figure>\n\n\n\n<table id=\"tablepress-3\" class=\"tablepress tablepress-id-3\">\n<tbody>\n<tr class=\"row-1\">\n\t<td class=\"column-1\"><img src=\"http:\/\/skladopalu.szczecin.pl\/wp-content\/uploads\/2018\/06\/logo-kwadrat-150x150.jpg\" alt=\"\" width=\"150\" height=\"150\" class=\"alignleft size-thumbnail wp-image-111\" \/> <strong>Sk\u0142ad Kamieni i Opa\u0142u<\/strong><br \/>\nul. \u015awierczewska 5<br \/>\n71-066 Szczecin<br \/>\n<br \/>\ntel.\u00a0+48 91 453 14 57\u00a0 lub\u00a0\u00a0+48 517 596 546<br \/>\nkolskijaroslaw@gmail.com<\/td>\n<\/tr>\n<\/tbody>\n<\/table>\n<!-- #tablepress-3 from cache -->\n","protected":false},"excerpt":{"rendered":"<p>Sprzeda\u017c kamieni ozdobnych &#8211; grysu, kruszywa i otoczak\u00f3w Nasz sk\u0142ad oferuje ca\u0142oroczn\u0105 sprzeda\u017c kamieni ozdobnych i otoczak\u00f3w. S\u0105 to kamienie o funkcji ozdobnej, nadaj\u0105 si\u0119 mi\u0119dzy innymi do gabion\u00f3w oraz wysypywania \u015bcie\u017cek, oczek wodnych i innych dekoracji ogrodowych. Mo\u017cna zakupi\u0107 je bezpo\u015brednio na naszym sk\u0142adzie (s\u0105 one pakowane w worki, istnieje mo\u017cliwo\u015b\u0107 obejrzenia ich przed<\/p><\/div>\n<div class=\"blog-btn\"><a href=\"https:\/\/skladopalu.szczecin.pl\/en\/kamienie-ozdobne\/\" class=\"home-blog-btn\">Read More<\/a><\/p>\n","protected":false},"author":1,"featured_media":0,"parent":0,"menu_order":0,"comment_status":"closed","ping_status":"closed","template":"","meta":{"ngg_post_thumbnail":0},"translation":{"provider":"WPGlobus","version":"2.10.4","language":"en","enabled_languages":["pl","en","de"],"languages":{"pl":{"title":true,"content":true,"excerpt":false},"en":{"title":false,"content":false,"excerpt":false},"de":{"title":false,"content":false,"excerpt":false}}},"_links":{"self":[{"href":"https:\/\/skladopalu.szczecin.pl\/en\/wp-json\/wp\/v2\/pages\/695"}],"collection":[{"href":"https:\/\/skladopalu.szczecin.pl\/en\/wp-json\/wp\/v2\/pages"}],"about":[{"href":"https:\/\/skladopalu.szczecin.pl\/en\/wp-json\/wp\/v2\/types\/page"}],"author":[{"embeddable":true,"href":"https:\/\/skladopalu.szczecin.pl\/en\/wp-json\/wp\/v2\/users\/1"}],"replies":[{"embeddable":true,"href":"https:\/\/skladopalu.szczecin.pl\/en\/wp-json\/wp\/v2\/comments?post=695"}],"version-history":[{"count":11,"href":"https:\/\/skladopalu.szczecin.pl\/en\/wp-json\/wp\/v2\/pages\/695\/revisions"}],"predecessor-version":[{"id":833,"href":"https:\/\/skladopalu.szczecin.pl\/en\/wp-json\/wp\/v2\/pages\/695\/revisions\/833"}],"wp:attachment":[{"href":"https:\/\/skladopalu.szczecin.pl\/en\/wp-json\/wp\/v2\/media?parent=695"}],"curies":[{"name":"wp","href":"https:\/\/api.w.org\/{rel}","templated":true}]}}