{"id":884,"date":"2022-11-28T19:46:37","date_gmt":"2022-11-28T18:46:37","guid":{"rendered":"https:\/\/skladopalu.szczecin.pl\/?page_id=884"},"modified":"2022-11-28T19:49:21","modified_gmt":"2022-11-28T18:49:21","slug":"rodo","status":"publish","type":"page","link":"https:\/\/skladopalu.szczecin.pl\/de\/rodo\/","title":{"rendered":"RODO"},"content":{"rendered":"\n<p class=\"has-text-align-center\"><strong>OG\u00d3LNA KLAUZULA INFORMACYJNA RODO<\/strong><\/p>\n\n\n\n<p>Od 25 maja 2018 r. obowi\u0105zuje Rozporz\u0105dzenie Parlamentu Europejskiego i Rady (UE) 2016\/679 z dnia 27 kwietnia 2016 r. w sprawie ochrony os\u00f3b fizycznych w zwi\u0105zku z przetwarzaniem danych osobowych i w sprawie swobodnego przep\u0142ywu takich danych oraz uchylenia dyrektywy 95\/46\/WE<br>(og\u00f3lne rozporz\u0105dzenie o ochronie danych) (zwane dalej \u201erozporz\u0105dzeniem RODO\u201d), kt\u00f3re przyznaje Pa\u0144stwu szereg nowych praw zwi\u0105zanych z przetwarzaniem Pa\u0144stwa danych osobowych.<br>W niniejszym dokumencie znajduj\u0105 si\u0119 informacje o zasadach przetwarzania, Pa\u0144stwa danych osobowych oraz o przys\u0142uguj\u0105cych Pa\u0144stwu prawach wynikaj\u0105cych z rozporz\u0105dzenia RODO.<\/p>\n\n\n\n<p><br><strong>KTO JEST ADMINISTRATOREM PA\u0143STWA DANYCH OSOBOWYCH?<br><\/strong>Administratorem Pa\u0144stwa danych osobowych jest FH-U&nbsp; Jaros\u0142aw Kolski Sk\u0142ad Opa\u0142u z siedzib\u0105 przy ul. \u015awierczewska 5, 71-066 Szczecin nr Nip 8521927212, tel. 517&nbsp;596 546, kolskijaroslaw@gmail.com zwany dalej \u201eAdministratorem\u201d.<\/p>\n\n\n\n<p><br><strong>INSPEKTOR OCHRONY DANYCH<br><\/strong>Administratora nie jest zobowi\u0105zany do posiadania inspektora ochrony danych osobowych i w zwi\u0105zku z tym go nie ustanowi\u0142.<\/p>\n\n\n\n<p><br><strong>W JAKICH CELACH I NA JAKIEJ PODSTAWIE PRZETWARZAMY PA\u0143STWA DANEOSOBOWE?<br><\/strong>Pa\u0144stwa dane osobowe przetwarzamy w nast\u0119puj\u0105cych celach:<\/p>\n\n\n\n<ol><li>wype\u0142niania obowi\u0105zk\u00f3w prawnych ci\u0105\u017c\u0105cych na Administratorze zwi\u0105zanych z realizacj\u0105 sprzeda\u017cy w\u0119gla osobom fizycznym w oparciu o przepisy ustawy z dnia 27 pa\u017adziernika 2022 r. o<br>zakupie preferencyjnym paliwa sta\u0142ego dla gospodarstw domowych (Dz.U.2022 r. poz. 2236), zwanej dalej \u201eUstaw\u0105\u201d.<\/li><li>wynikaj\u0105cych z prawnie uzasadnionych interes\u00f3w realizowanych przez Administratora (podstawa przetwarzania: art. 6 ust. 1 lit. f. rozporz\u0105dzenia RODO), tj. m.in. w celu:<br>a) umawiania i odwo\u0142ywania dostaw w\u0119gla;<br>b) prowadzenia post\u0119powa\u0144 wewn\u0119trznych maj\u0105cych na celu zapewnienie zgodno\u015bci dzia\u0142a\u0144<br>Administratora i jego pracownik\u00f3w z przepisami prawa oraz regulacjami wewn\u0119trznymi;<br>c) monitorowania i poprawy jako\u015bci \u015bwiadczonych przez Administratora us\u0142ug;<br>d) prowadzenia post\u0119powa\u0144 spornych, a tak\u017ce post\u0119powa\u0144 przed organami w\u0142adzy publicznej, w<br>tym w celu dochodzenia oraz obrony przed roszczeniami;<br>e) prowadzenia analiz i tworzenia statystyk na nasze wewn\u0119trzne potrzeby.<\/li><li>Je\u017celi udzielili nam Pa\u0144stwo zgody na przetwarzanie danych osobowych b\u0119dziemy przetwarza\u0107<br>Pa\u0144stwa dane w zakresie i celu okre\u015blonym w tre\u015bci zgody.<\/li><li>Podstaw\u0105 prawn\u0105 przetwarzania pozyskanych danych s\u0105 w szczeg\u00f3lno\u015bci Ustawa oraz rozporz\u0105dzenie RODO.<\/li><\/ol>\n\n\n\n<p><strong>\u0179R\u00d3D\u0141O POZYSKANIA PA\u0143STWA DANYCH OSOBOWYCH<br><\/strong>Pa\u0144stwa dane osobowe, tj. dane kontaktowe, dane z dokumentu to\u017csamo\u015bci, dane wynikaj\u0105ce z za\u015bwiadczenia, o kt\u00f3rym mowa w art. 13 Ustawy zosta\u0142y zebrane bezpo\u015brednio od Pa\u0144stwa albo od w\u0142a\u015bciwego miejscowo urz\u0119du gminy.<\/p>\n\n\n\n<p><strong><strong>CZY PODANIE NAM DANYCH OSOBOWYCH JEST OBOWI\u0104ZKIEM?<br><\/strong><\/strong>Podanie nam danych osobowych jest warunkiem korzystania z us\u0142ug i realizacji dostaw w\u0119gla.<\/p>\n\n\n\n<p><strong>JAKIE PRAWA PRZYS\u0141UGUJ\u0104 PA\u0143STWU W ZWI\u0104ZKU Z RODO?<\/strong><\/p>\n\n\n\n<ol><li>Przys\u0142uguj\u0105 Pa\u0144stwu, poni\u017csze uprawnienia:<br>a. prawo dost\u0119pu do tre\u015bci danych, na podstawie art. 15 rozporz\u0105dzenia RODO;<br>b. prawo do sprostowania danych, na podstawie art. 16 rozporz\u0105dzenia RODO;<br>c. prawo do usuni\u0119cia danych, w zakresie wynikaj\u0105cym z art. 17 rozporz\u0105dzenia RODO;<\/li><\/ol>\n\n\n\n<p>d. prawo do ograniczenia przetwarzania danych, na podstawie art. 18 rozporz\u0105dzenia RODO;<br>e. prawo do wniesienia sprzeciwu wobec przetwarzania danych, w zakresie wynikaj\u0105cym z art. 21 rozporz\u0105dzenia RODO.<br><\/p>\n\n\n\n<p>Z powy\u017cszych praw mo\u017cna skorzysta\u0107 poprzez: kontakt pisemny z Administratorem oraz kontakt drog\u0105 e-mail.<\/p>\n\n\n\n<ol start=\"2\"><li>Pa\u0144stwa dane nie b\u0119d\u0105 podlega\u0107 zautomatyzowanemu podejmowaniu decyzji, w tym r\u00f3wnie\u017c w formie profilowania.<\/li><\/ol>\n\n\n\n<p><strong>KOMU PRZEKAZUJEMY PA\u0143STWA DANE OSOBOWE?<br><\/strong>Pa\u0144stwa dane osobowe przekazujemy:<\/p>\n\n\n\n<ol><li>podmiotom przetwarzaj\u0105cym dane osobowe na zlecenie Administratora, w tym:<br>a) podmiotom wspieraj\u0105cym Administratora w \u015bwiadczeniu us\u0142ug sprzeda\u017cy lub dostawy w\u0119gla,<br>b) naszym podwykonawcom, kt\u00f3rzy wykonuj\u0105 lub mog\u0105 wykonywa\u0107 niekt\u00f3re \u015bwiadczenia w<br>naszym imieniu,<br>c) zewn\u0119trznym dostawcom us\u0142ug IT, obs\u0142uguj\u0105cym nasze systemy informatyczne,<br>d) kancelariom prawnym wspieraj\u0105cym nas w obs\u0142udze prawnej.<\/li><li>podmiotom publicznym, w zakresie niezb\u0119dnym do wykonywania przez te podmioty ich zada\u0144, w szczeg\u00f3lno\u015bci nadzoru i kontroli. Odbiorcami Pa\u0144stwa danych osobowych b\u0119d\u0105 podmioty uprawnione do uzyskania danych osobowych na podstawie przepis\u00f3w prawa oraz podmioty, z kt\u00f3rymi Administrator zawrze umowy powierzenia.<\/li><\/ol>\n\n\n\n<p><strong>JAK D\u0141UGO B\u0118DZIEMY PRZECHOWYWA\u0106 PA\u0143STWA DANE OSOBOWE?<br><\/strong>Je\u017celi skorzystali Pa\u0144stwo z us\u0142ug \u015bwiadczonych przez Administratora, Pa\u0144stwa dane osobowe b\u0119d\u0105 przetwarzane przez okres wskazany w art. 118 kodeksu cywilnego, tj. nie kr\u00f3cej ni\u017c przez 6 lat od dnia wydania Pa\u0144stwu w\u0119gla, koniec tego terminu przypada na ostatni dzie\u0144 roku kalendarzowego.<\/p>\n\n\n\n<p><br><strong>PRAWO DO WNIESIENIA SKARGI<br><\/strong>W przypadku uznania, \u017ce przetwarzanie przez Administratora Pa\u0144stwa danych osobowych narusza przepisy RODO, przys\u0142uguje Pa\u0144stwu prawo do wniesienia skargi do organu nadzorczego, kt\u00f3rym jest Prezes Urz\u0119du Ochrony Danych Osobowych ul. Stawki 2, 00-193 Warszawa.<br><\/p>\n\n\n\n<p><strong>PRZEKAZYWANIE DANYCH OSOBOWYCH POZA EUROPEJSKI OBSZAR GOSPODARCZY (\u201eEOG\u201d) LUB DO ORGANIZACJI MI\u0118DZYNARODOWYCH<br><\/strong>Administrator w uzasadnionych przypadkach, nie udost\u0119pnia Pa\u0144stwa danych podmiotom znajduj\u0105cym si\u0119 poza EOG.<\/p>\n","protected":false},"excerpt":{"rendered":"<p>OG\u00d3LNA KLAUZULA INFORMACYJNA RODO Od 25 maja 2018 r. obowi\u0105zuje Rozporz\u0105dzenie Parlamentu Europejskiego i Rady (UE) 2016\/679 z dnia 27 kwietnia 2016 r. w sprawie ochrony os\u00f3b fizycznych w zwi\u0105zku z przetwarzaniem danych osobowych i w sprawie swobodnego przep\u0142ywu takich danych oraz uchylenia dyrektywy 95\/46\/WE(og\u00f3lne rozporz\u0105dzenie o ochronie danych) (zwane dalej \u201erozporz\u0105dzeniem RODO\u201d), kt\u00f3re przyznaje<\/p><\/div>\n<div class=\"blog-btn\"><a href=\"https:\/\/skladopalu.szczecin.pl\/de\/rodo\/\" class=\"home-blog-btn\">Read More<\/a><\/p>\n","protected":false},"author":2,"featured_media":0,"parent":0,"menu_order":0,"comment_status":"closed","ping_status":"closed","template":"","meta":{"ngg_post_thumbnail":0},"translation":{"provider":"WPGlobus","version":"2.10.4","language":"de","enabled_languages":["pl","en","de"],"languages":{"pl":{"title":true,"content":true,"excerpt":false},"en":{"title":false,"content":false,"excerpt":false},"de":{"title":false,"content":false,"excerpt":false}}},"_links":{"self":[{"href":"https:\/\/skladopalu.szczecin.pl\/de\/wp-json\/wp\/v2\/pages\/884"}],"collection":[{"href":"https:\/\/skladopalu.szczecin.pl\/de\/wp-json\/wp\/v2\/pages"}],"about":[{"href":"https:\/\/skladopalu.szczecin.pl\/de\/wp-json\/wp\/v2\/types\/page"}],"author":[{"embeddable":true,"href":"https:\/\/skladopalu.szczecin.pl\/de\/wp-json\/wp\/v2\/users\/2"}],"replies":[{"embeddable":true,"href":"https:\/\/skladopalu.szczecin.pl\/de\/wp-json\/wp\/v2\/comments?post=884"}],"version-history":[{"count":5,"href":"https:\/\/skladopalu.szczecin.pl\/de\/wp-json\/wp\/v2\/pages\/884\/revisions"}],"predecessor-version":[{"id":893,"href":"https:\/\/skladopalu.szczecin.pl\/de\/wp-json\/wp\/v2\/pages\/884\/revisions\/893"}],"wp:attachment":[{"href":"https:\/\/skladopalu.szczecin.pl\/de\/wp-json\/wp\/v2\/media?parent=884"}],"curies":[{"name":"wp","href":"https:\/\/api.w.org\/{rel}","templated":true}]}}