{"id":724,"date":"2021-03-31T19:52:57","date_gmt":"2021-03-31T17:52:57","guid":{"rendered":"https:\/\/skladopalu.szczecin.pl\/?page_id=724"},"modified":"2026-04-24T15:39:57","modified_gmt":"2026-04-24T13:39:57","slug":"ziemia-ogrodowa","status":"publish","type":"page","link":"https:\/\/skladopalu.szczecin.pl\/de\/ziemia-ogrodowa\/","title":{"rendered":"Ziemia ogrodowa"},"content":{"rendered":"\n<h3>Ziemia ogrodowa<\/h3>\n\n\n\n<p>Na sprzeda\u017c posiadamy ziemie ogrodow\u0105, czarnoziem \u2013 zar\u00f3wno pod trawnik jak i pod grz\u0105dki warzywne. Ziemi\u0119 mo\u017cna naby\u0107 luzem oraz w ma\u0142ym (25kg) lub du\u017cym worku (BIG BAG o pojemno\u015bci 1 tony ziemi). Dowozimy na terenie Szczecina i okolic. <\/p>\n\n\n\n<figure class=\"wp-block-gallery columns-3 is-cropped\"><ul class=\"blocks-gallery-grid\"><li class=\"blocks-gallery-item\"><figure><img loading=\"lazy\" width=\"430\" height=\"575\" src=\"https:\/\/skladopalu.szczecin.pl\/wp-content\/uploads\/2021\/03\/Bez-tytulu-1.png\" alt=\"\" data-id=\"730\" data-link=\"https:\/\/skladopalu.szczecin.pl\/ziemia-ogrodowa\/bez-tytulu-1\/\" class=\"wp-image-730\" srcset=\"https:\/\/skladopalu.szczecin.pl\/wp-content\/uploads\/2021\/03\/Bez-tytulu-1.png 430w, https:\/\/skladopalu.szczecin.pl\/wp-content\/uploads\/2021\/03\/Bez-tytulu-1-224x300.png 224w\" sizes=\"(max-width: 430px) 100vw, 430px\" \/><figcaption class=\"blocks-gallery-item__caption\">Ziemia w worku 25kg<\/figcaption><\/figure><\/li><li class=\"blocks-gallery-item\"><figure><img loading=\"lazy\" width=\"519\" height=\"687\" src=\"https:\/\/skladopalu.szczecin.pl\/wp-content\/uploads\/2021\/03\/Bez-tytulu-3.png\" alt=\"\" data-id=\"732\" data-full-url=\"https:\/\/skladopalu.szczecin.pl\/wp-content\/uploads\/2021\/03\/Bez-tytulu-3.png\" data-link=\"https:\/\/skladopalu.szczecin.pl\/ziemia-ogrodowa\/bez-tytulu-3\/\" class=\"wp-image-732\" srcset=\"https:\/\/skladopalu.szczecin.pl\/wp-content\/uploads\/2021\/03\/Bez-tytulu-3.png 519w, https:\/\/skladopalu.szczecin.pl\/wp-content\/uploads\/2021\/03\/Bez-tytulu-3-227x300.png 227w\" sizes=\"(max-width: 519px) 100vw, 519px\" \/><figcaption class=\"blocks-gallery-item__caption\">Worek BIG BAG<\/figcaption><\/figure><\/li><li class=\"blocks-gallery-item\"><figure><img loading=\"lazy\" width=\"653\" height=\"872\" src=\"https:\/\/skladopalu.szczecin.pl\/wp-content\/uploads\/2021\/03\/Bez-tytulu-2.png\" alt=\"\" data-id=\"731\" data-link=\"https:\/\/skladopalu.szczecin.pl\/ziemia-ogrodowa\/bez-tytulu-2\/\" class=\"wp-image-731\" srcset=\"https:\/\/skladopalu.szczecin.pl\/wp-content\/uploads\/2021\/03\/Bez-tytulu-2.png 653w, https:\/\/skladopalu.szczecin.pl\/wp-content\/uploads\/2021\/03\/Bez-tytulu-2-225x300.png 225w\" sizes=\"(max-width: 653px) 100vw, 653px\" \/><\/figure><\/li><\/ul><\/figure>\n\n\n\n<table id=\"tablepress-10\" class=\"tablepress tablepress-id-10\">\n<thead>\n<tr class=\"row-1 odd\">\n\t<th class=\"column-1\">Nazwa<\/th><th class=\"column-2\">Luzem 1 tona<\/th><th class=\"column-3\">W worku<\/th>\n<\/tr>\n<\/thead>\n<tbody class=\"row-hover\">\n<tr class=\"row-2 even\">\n\t<td class=\"column-1\">ZIEMIA OGRODOWA POD TRAWNIK<\/td><td class=\"column-2\">140z\u0142 luzem<\/td><td class=\"column-3\">10z\u0142 za worek 25kg<\/td>\n<\/tr>\n<tr class=\"row-3 odd\">\n\t<td class=\"column-1\">ZIEMIA OGRODOWA<\/td><td class=\"column-2\">120z\u0142 luzem<\/td><td class=\"column-3\">10z\u0142 za worek 25kg<\/td>\n<\/tr>\n<tr class=\"row-4 even\">\n\t<td class=\"column-1\">PIASEK<\/td><td class=\"column-2\">80z\u0142<\/td><td class=\"column-3\">6z\u0142 za worek 25 kg<\/td>\n<\/tr>\n<tr class=\"row-5 odd\">\n\t<td class=\"column-1\">KORA KAMIENNA<br \/>\nGNEJS PASIASTY RUDY<\/td><td class=\"column-2\">580z\u0142 luzem<\/td><td class=\"column-3\">15z\u0142 za worek 25kg<br \/>\n600z\u0142 tona workowana<\/td>\n<\/tr>\n<tr class=\"row-6 even\">\n\t<td class=\"column-1\">KAMIENIE OZDOBNE<br \/>\nKamienie ozdobne, grys, amfibolity, otoczaki, r\u00f3\u017cne rozmiary i kolory<\/td><td colspan=\"2\" class=\"column-2\">Oferujemy sprzeda\u017c r\u00f3\u017cnych kolor\u00f3w i kszta\u0142t\u00f3w ozdobnych kamieni. Ich cena jest zale\u017cna od kszta\u0142tu i rozmiaru, od 14z\u0142 za worek 25kg. W ofercie znajduj\u0105 si\u0119 mi\u0119dzy innymi:<br \/>\n<br \/>\nGrys cappuccino 16-32mm<br \/>\nGrys vanga 16-22mm<br \/>\nOtoczak grecki Arkon <br \/>\nOtoczak grecki Fish-grey<br \/>\nOtoczak grecki Bia\u0142y<br \/>\nOtoczak rzeczny p\u0142ukany 8-16mm<br \/>\nOtoczaki 16-32mm<br \/>\n<br \/>\nKamienie s\u0105 pakowane na miejscu w worki 25kg.<\/td>\n<\/tr>\n<\/tbody>\n<\/table>\n<!-- #tablepress-10 from cache -->\n\n\n\n<p><\/p>\n","protected":false},"excerpt":{"rendered":"<p>Ziemia ogrodowa Na sprzeda\u017c posiadamy ziemie ogrodow\u0105, czarnoziem \u2013 zar\u00f3wno pod trawnik jak i pod grz\u0105dki warzywne. Ziemi\u0119 mo\u017cna naby\u0107 luzem oraz w ma\u0142ym (25kg) lub du\u017cym worku (BIG BAG o pojemno\u015bci 1 tony ziemi). Dowozimy na terenie Szczecina i okolic.<\/p>\n","protected":false},"author":1,"featured_media":0,"parent":0,"menu_order":0,"comment_status":"closed","ping_status":"closed","template":"","meta":{"ngg_post_thumbnail":0},"translation":{"provider":"WPGlobus","version":"2.10.4","language":"de","enabled_languages":["pl","en","de"],"languages":{"pl":{"title":true,"content":true,"excerpt":false},"en":{"title":false,"content":false,"excerpt":false},"de":{"title":false,"content":false,"excerpt":false}}},"_links":{"self":[{"href":"https:\/\/skladopalu.szczecin.pl\/de\/wp-json\/wp\/v2\/pages\/724"}],"collection":[{"href":"https:\/\/skladopalu.szczecin.pl\/de\/wp-json\/wp\/v2\/pages"}],"about":[{"href":"https:\/\/skladopalu.szczecin.pl\/de\/wp-json\/wp\/v2\/types\/page"}],"author":[{"embeddable":true,"href":"https:\/\/skladopalu.szczecin.pl\/de\/wp-json\/wp\/v2\/users\/1"}],"replies":[{"embeddable":true,"href":"https:\/\/skladopalu.szczecin.pl\/de\/wp-json\/wp\/v2\/comments?post=724"}],"version-history":[{"count":5,"href":"https:\/\/skladopalu.szczecin.pl\/de\/wp-json\/wp\/v2\/pages\/724\/revisions"}],"predecessor-version":[{"id":1089,"href":"https:\/\/skladopalu.szczecin.pl\/de\/wp-json\/wp\/v2\/pages\/724\/revisions\/1089"}],"wp:attachment":[{"href":"https:\/\/skladopalu.szczecin.pl\/de\/wp-json\/wp\/v2\/media?parent=724"}],"curies":[{"name":"wp","href":"https:\/\/api.w.org\/{rel}","templated":true}]}}